{"version":"1.0","provider_name":"Jobs\/ Internships\/ Scholarships\/","provider_url":"https:\/\/rubyskynews.com","author_name":"eurointern","author_url":"https:\/\/rubyskynews.com\/index.php\/author\/eurointern28gmail-com\/","title":"Filosofia \u015fi sim\u0163 comun sau \u2018Punctul de vedere natural\u2019 - Jobs\/ Internships\/ Scholarships\/","type":"rich","width":600,"height":338,"html":"<blockquote class=\"wp-embedded-content\" data-secret=\"EqYO1Obal7\"><a href=\"https:\/\/rubyskynews.com\/index.php\/2011\/12\/19\/filosofia-si-simt-comun-sau-punctul-de-2\/\">Filosofia \u015fi sim\u0163 comun sau \u2018Punctul de vedere natural\u2019<\/a><\/blockquote><iframe sandbox=\"allow-scripts\" security=\"restricted\" src=\"https:\/\/rubyskynews.com\/index.php\/2011\/12\/19\/filosofia-si-simt-comun-sau-punctul-de-2\/embed\/#?secret=EqYO1Obal7\" width=\"600\" height=\"338\" title=\"&#8220;Filosofia \u015fi sim\u0163 comun sau \u2018Punctul de vedere natural\u2019&#8221; &#8212; Jobs\/ Internships\/ Scholarships\/\" data-secret=\"EqYO1Obal7\" frameborder=\"0\" marginwidth=\"0\" marginheight=\"0\" scrolling=\"no\" class=\"wp-embedded-content\"><\/iframe><script type=\"text\/javascript\">\n\/* <![CDATA[ *\/\n\/*! This file is auto-generated *\/\n!function(d,l){\"use strict\";l.querySelector&&d.addEventListener&&\"undefined\"!=typeof URL&&(d.wp=d.wp||{},d.wp.receiveEmbedMessage||(d.wp.receiveEmbedMessage=function(e){var t=e.data;if((t||t.secret||t.message||t.value)&&!\/[^a-zA-Z0-9]\/.test(t.secret)){for(var s,r,n,a=l.querySelectorAll('iframe[data-secret=\"'+t.secret+'\"]'),o=l.querySelectorAll('blockquote[data-secret=\"'+t.secret+'\"]'),c=new RegExp(\"^https?:$\",\"i\"),i=0;i<o.length;i++)o[i].style.display=\"none\";for(i=0;i<a.length;i++)s=a[i],e.source===s.contentWindow&&(s.removeAttribute(\"style\"),\"height\"===t.message?(1e3<(r=parseInt(t.value,10))?r=1e3:~~r<200&&(r=200),s.height=r):\"link\"===t.message&&(r=new URL(s.getAttribute(\"src\")),n=new URL(t.value),c.test(n.protocol))&&n.host===r.host&&l.activeElement===s&&(d.top.location.href=t.value))}},d.addEventListener(\"message\",d.wp.receiveEmbedMessage,!1),l.addEventListener(\"DOMContentLoaded\",function(){for(var e,t,s=l.querySelectorAll(\"iframe.wp-embedded-content\"),r=0;r<s.length;r++)(t=(e=s[r]).getAttribute(\"data-secret\"))||(t=Math.random().toString(36).substring(2,12),e.src+=\"#?secret=\"+t,e.setAttribute(\"data-secret\",t)),e.contentWindow.postMessage({message:\"ready\",secret:t},\"*\")},!1)))}(window,document);\n\/* ]]> *\/\n<\/script>\n","description":"\u2022 Sim\u0163ul comun sau punctul de vedere natural \u015fi experien\u0163a obi\u015fnuit\u0103. \u2022 Sim\u0163ul comun ca un corp de prejudec\u0103\u0163i. \u2022 Prejudec\u0103\u0163i, opinii \u015fi judec\u0103\u0163i. \u2022 Atitudinea lui Kant \u00een problema prejudec\u0103\u0163ilor. \u2022 Filosofia, \u015ftiin\u0163a pro \u015fi versus sim\u0163ul comun. \u2022 Sim\u0163ul comun \u00een perspectiva filosofiei limbii comune. \u2022 Atitudinea radical\u0103 a filosofiei fa\u0163\u0103 de sim\u0163ul [&hellip;]"}