{"version":"1.0","provider_name":"Jobs\/ Internships\/ Scholarships\/","provider_url":"https:\/\/rubyskynews.com","author_name":"eurointern","author_url":"https:\/\/rubyskynews.com\/index.php\/author\/eurointern28gmail-com\/","title":"Afirmarea con\u015ftiin\u0163ei na\u0163ionale \u00een Transilvania la sf\u00e2r\u015fitul secolului XVIII - Jobs\/ Internships\/ Scholarships\/","type":"rich","width":600,"height":338,"html":"<blockquote class=\"wp-embedded-content\" data-secret=\"p3oShr1Z3X\"><a href=\"https:\/\/rubyskynews.com\/index.php\/2011\/03\/30\/afirmarea-constiintei-nationale-in-2\/\">Afirmarea con\u015ftiin\u0163ei na\u0163ionale \u00een Transilvania  la sf\u00e2r\u015fitul secolului XVIII<\/a><\/blockquote><iframe sandbox=\"allow-scripts\" security=\"restricted\" src=\"https:\/\/rubyskynews.com\/index.php\/2011\/03\/30\/afirmarea-constiintei-nationale-in-2\/embed\/#?secret=p3oShr1Z3X\" width=\"600\" height=\"338\" title=\"&#8220;Afirmarea con\u015ftiin\u0163ei na\u0163ionale \u00een Transilvania  la sf\u00e2r\u015fitul secolului XVIII&#8221; &#8212; Jobs\/ Internships\/ Scholarships\/\" data-secret=\"p3oShr1Z3X\" frameborder=\"0\" marginwidth=\"0\" marginheight=\"0\" scrolling=\"no\" class=\"wp-embedded-content\"><\/iframe><script type=\"text\/javascript\">\n\/* <![CDATA[ *\/\n\/*! This file is auto-generated *\/\n!function(d,l){\"use strict\";l.querySelector&&d.addEventListener&&\"undefined\"!=typeof URL&&(d.wp=d.wp||{},d.wp.receiveEmbedMessage||(d.wp.receiveEmbedMessage=function(e){var t=e.data;if((t||t.secret||t.message||t.value)&&!\/[^a-zA-Z0-9]\/.test(t.secret)){for(var s,r,n,a=l.querySelectorAll('iframe[data-secret=\"'+t.secret+'\"]'),o=l.querySelectorAll('blockquote[data-secret=\"'+t.secret+'\"]'),c=new RegExp(\"^https?:$\",\"i\"),i=0;i<o.length;i++)o[i].style.display=\"none\";for(i=0;i<a.length;i++)s=a[i],e.source===s.contentWindow&&(s.removeAttribute(\"style\"),\"height\"===t.message?(1e3<(r=parseInt(t.value,10))?r=1e3:~~r<200&&(r=200),s.height=r):\"link\"===t.message&&(r=new URL(s.getAttribute(\"src\")),n=new URL(t.value),c.test(n.protocol))&&n.host===r.host&&l.activeElement===s&&(d.top.location.href=t.value))}},d.addEventListener(\"message\",d.wp.receiveEmbedMessage,!1),l.addEventListener(\"DOMContentLoaded\",function(){for(var e,t,s=l.querySelectorAll(\"iframe.wp-embedded-content\"),r=0;r<s.length;r++)(t=(e=s[r]).getAttribute(\"data-secret\"))||(t=Math.random().toString(36).substring(2,12),e.src+=\"#?secret=\"+t,e.setAttribute(\"data-secret\",t)),e.contentWindow.postMessage({message:\"ready\",secret:t},\"*\")},!1)))}(window,document);\n\/* ]]> *\/\n<\/script>\n","description":"\u00cen anul 1762 structura demografic\u0103 a Principatului Transilvaniei era compus\u0103 din 66,46% rom\u00e2ni, 21,62% maghiari, 11,72% sa\u015fi \u015fi al\u0163ii. Precum rezult\u0103 din aceste procente comparative majoritatea absolut\u0103 a popula\u0163iei era format\u0103 din rom\u00e2ni. Un recens\u0103m\u00e2nt din anul 1767 enum\u0103r\u0103 urm\u0103toarele categorii sociale: magna\u0163i, cu 262 familii; nobili de r\u00e2nd, 25947 familii (primipili secui, boieri rom\u00e2ni [&hellip;]"}