{"version":"1.0","provider_name":"Jobs\/ Internships\/ Scholarships\/","provider_url":"https:\/\/rubyskynews.com","author_name":"eurointern","author_url":"https:\/\/rubyskynews.com\/index.php\/author\/eurointern28gmail-com\/","title":"Conlucrarea serviciilor publice desconcentrate \u00een teritoriul jude\u0163ului Chi\u015fin\u0103u \u015fi a autorit\u0103\u0163ilor publice locale \u00een chestiunile de interes comun - Jobs\/ Internships\/ Scholarships\/","type":"rich","width":600,"height":338,"html":"<blockquote class=\"wp-embedded-content\" data-secret=\"SRjR4VAVEw\"><a href=\"https:\/\/rubyskynews.com\/index.php\/2011\/03\/28\/conlucrarea-serviciilor-publice-2\/\">Conlucrarea serviciilor publice desconcentrate \u00een teritoriul jude\u0163ului Chi\u015fin\u0103u \u015fi a autorit\u0103\u0163ilor publice locale \u00een chestiunile de interes comun<\/a><\/blockquote><iframe sandbox=\"allow-scripts\" security=\"restricted\" src=\"https:\/\/rubyskynews.com\/index.php\/2011\/03\/28\/conlucrarea-serviciilor-publice-2\/embed\/#?secret=SRjR4VAVEw\" width=\"600\" height=\"338\" title=\"&#8220;Conlucrarea serviciilor publice desconcentrate \u00een teritoriul jude\u0163ului Chi\u015fin\u0103u \u015fi a autorit\u0103\u0163ilor publice locale \u00een chestiunile de interes comun&#8221; &#8212; Jobs\/ Internships\/ Scholarships\/\" data-secret=\"SRjR4VAVEw\" frameborder=\"0\" marginwidth=\"0\" marginheight=\"0\" scrolling=\"no\" class=\"wp-embedded-content\"><\/iframe><script type=\"text\/javascript\">\n\/* <![CDATA[ *\/\n\/*! This file is auto-generated *\/\n!function(d,l){\"use strict\";l.querySelector&&d.addEventListener&&\"undefined\"!=typeof URL&&(d.wp=d.wp||{},d.wp.receiveEmbedMessage||(d.wp.receiveEmbedMessage=function(e){var t=e.data;if((t||t.secret||t.message||t.value)&&!\/[^a-zA-Z0-9]\/.test(t.secret)){for(var s,r,n,a=l.querySelectorAll('iframe[data-secret=\"'+t.secret+'\"]'),o=l.querySelectorAll('blockquote[data-secret=\"'+t.secret+'\"]'),c=new RegExp(\"^https?:$\",\"i\"),i=0;i<o.length;i++)o[i].style.display=\"none\";for(i=0;i<a.length;i++)s=a[i],e.source===s.contentWindow&&(s.removeAttribute(\"style\"),\"height\"===t.message?(1e3<(r=parseInt(t.value,10))?r=1e3:~~r<200&&(r=200),s.height=r):\"link\"===t.message&&(r=new URL(s.getAttribute(\"src\")),n=new URL(t.value),c.test(n.protocol))&&n.host===r.host&&l.activeElement===s&&(d.top.location.href=t.value))}},d.addEventListener(\"message\",d.wp.receiveEmbedMessage,!1),l.addEventListener(\"DOMContentLoaded\",function(){for(var e,t,s=l.querySelectorAll(\"iframe.wp-embedded-content\"),r=0;r<s.length;r++)(t=(e=s[r]).getAttribute(\"data-secret\"))||(t=Math.random().toString(36).substring(2,12),e.src+=\"#?secret=\"+t,e.setAttribute(\"data-secret\",t)),e.contentWindow.postMessage({message:\"ready\",secret:t},\"*\")},!1)))}(window,document);\n\/* ]]> *\/\n<\/script>\n","description":"Av\u00e2nd \u00een vedere una din atribu\u0163iile de baz\u0103 ale Prefectului, reprezentant al Guvernului pe plan local,&nbsp; \u015fi anume conducerea de c\u0103tre el a serviciilor publice desconcentrate ale ministerelor, departamentelor \u015fi celorlalte autorit\u0103\u0163i centrale ale administra\u0163iei publice (art.12 (2) al Legii nr.186 \u2013 XIV din 06.10.1998 privind administra\u0163ia public\u0103 local\u0103), la moment \u00een jude\u0163ul Chi\u015fin\u0103u func\u0163ioneaz\u0103 [&hellip;]"}