{"version":"1.0","provider_name":"Jobs\/ Internships\/ Scholarships\/","provider_url":"https:\/\/rubyskynews.com","author_name":"eurointern","author_url":"https:\/\/rubyskynews.com\/index.php\/author\/eurointern28gmail-com\/","title":"Criza \u015fi opinia public\u0103. Rela\u0163iile centrului de coordonare a crizelor cu Mass-Media. - Jobs\/ Internships\/ Scholarships\/","type":"rich","width":600,"height":338,"html":"<blockquote class=\"wp-embedded-content\" data-secret=\"gxZBWMjMbV\"><a href=\"https:\/\/rubyskynews.com\/index.php\/2011\/03\/05\/criza-si-opinia-publica-relatiile-2\/\">Criza \u015fi opinia public\u0103. Rela\u0163iile centrului de coordonare a crizelor cu Mass-Media.<\/a><\/blockquote><iframe sandbox=\"allow-scripts\" security=\"restricted\" src=\"https:\/\/rubyskynews.com\/index.php\/2011\/03\/05\/criza-si-opinia-publica-relatiile-2\/embed\/#?secret=gxZBWMjMbV\" width=\"600\" height=\"338\" title=\"&#8220;Criza \u015fi opinia public\u0103. Rela\u0163iile centrului de coordonare a crizelor cu Mass-Media.&#8221; &#8212; Jobs\/ Internships\/ Scholarships\/\" data-secret=\"gxZBWMjMbV\" frameborder=\"0\" marginwidth=\"0\" marginheight=\"0\" scrolling=\"no\" class=\"wp-embedded-content\"><\/iframe><script type=\"text\/javascript\">\n\/* <![CDATA[ *\/\n\/*! This file is auto-generated *\/\n!function(d,l){\"use strict\";l.querySelector&&d.addEventListener&&\"undefined\"!=typeof URL&&(d.wp=d.wp||{},d.wp.receiveEmbedMessage||(d.wp.receiveEmbedMessage=function(e){var t=e.data;if((t||t.secret||t.message||t.value)&&!\/[^a-zA-Z0-9]\/.test(t.secret)){for(var s,r,n,a=l.querySelectorAll('iframe[data-secret=\"'+t.secret+'\"]'),o=l.querySelectorAll('blockquote[data-secret=\"'+t.secret+'\"]'),c=new RegExp(\"^https?:$\",\"i\"),i=0;i<o.length;i++)o[i].style.display=\"none\";for(i=0;i<a.length;i++)s=a[i],e.source===s.contentWindow&&(s.removeAttribute(\"style\"),\"height\"===t.message?(1e3<(r=parseInt(t.value,10))?r=1e3:~~r<200&&(r=200),s.height=r):\"link\"===t.message&&(r=new URL(s.getAttribute(\"src\")),n=new URL(t.value),c.test(n.protocol))&&n.host===r.host&&l.activeElement===s&&(d.top.location.href=t.value))}},d.addEventListener(\"message\",d.wp.receiveEmbedMessage,!1),l.addEventListener(\"DOMContentLoaded\",function(){for(var e,t,s=l.querySelectorAll(\"iframe.wp-embedded-content\"),r=0;r<s.length;r++)(t=(e=s[r]).getAttribute(\"data-secret\"))||(t=Math.random().toString(36).substring(2,12),e.src+=\"#?secret=\"+t,e.setAttribute(\"data-secret\",t)),e.contentWindow.postMessage({message:\"ready\",secret:t},\"*\")},!1)))}(window,document);\n\/* ]]> *\/\n<\/script>\n","description":"Criza este definit\u0103, \u00een unele lucr\u0103ri, ca \u201eun moment de ruptur\u0103 \u00een interiorul unui sistem organizat.\u201c \u00cen acest caz, ele cunosc un moment de trecere de la normalitate la anormalitate, un moment de trecere de la anormalitate la preciz\u0103 \u015fi un moment (ruptura) de trecere de la precriz\u0103 la criz\u0103. Acest moment (ruptura) ar putea [&hellip;]"}